{"id":160107,"date":"2024-06-11T09:35:54","date_gmt":"2024-06-11T07:35:54","guid":{"rendered":"https:\/\/www.secowarwick.com\/?page_id=160107"},"modified":"2025-04-23T13:44:44","modified_gmt":"2025-04-23T11:44:44","slug":"agregat-do-sferoidyzacji","status":"publish","type":"page","link":"https:\/\/www.secowarwick.com\/pl\/piec-przemyslowy-z-drugiej-reki\/agregat-do-sferoidyzacji\/","title":{"rendered":"Agregat do sferoidyzacji pier\u015bcieni \u0142o\u017cyskowych typu A\/SP-1200"},"content":{"rendered":"<p>[et_pb_section fb_built=&#8221;1&#8243; admin_label=&#8221;section&#8221; _builder_version=&#8221;4.16&#8243; custom_padding=&#8221;0px|||&#8221; transparent_background=&#8221;off&#8221; make_fullwidth=&#8221;off&#8221; use_custom_width=&#8221;off&#8221; width_unit=&#8221;on&#8221; global_colors_info=&#8221;{}&#8221;][et_pb_row admin_label=&#8221;row&#8221; _builder_version=&#8221;4.16&#8243; background_size=&#8221;initial&#8221; background_position=&#8221;top_left&#8221; background_repeat=&#8221;repeat&#8221; custom_padding=&#8221;0px|||&#8221; make_fullwidth=&#8221;off&#8221; use_custom_width=&#8221;off&#8221; width_unit=&#8221;on&#8221; global_colors_info=&#8221;{}&#8221;][et_pb_column type=&#8221;4_4&#8243; _builder_version=&#8221;4.16&#8243; custom_padding=&#8221;|||&#8221; global_colors_info=&#8221;{}&#8221; custom_padding__hover=&#8221;|||&#8221;][et_pb_divider show_divider=&#8221;off&#8221; _builder_version=&#8221;4.16&#8243; _module_preset=&#8221;default&#8221; global_colors_info=&#8221;{}&#8221;][\/et_pb_divider][\/et_pb_column][\/et_pb_row][et_pb_row column_structure=&#8221;1_2,1_2&#8243; admin_label=&#8221;row&#8221; _builder_version=&#8221;4.16&#8243; background_size=&#8221;initial&#8221; background_position=&#8221;top_left&#8221; background_repeat=&#8221;repeat&#8221; custom_padding=&#8221;0px|||&#8221; make_fullwidth=&#8221;off&#8221; use_custom_width=&#8221;off&#8221; width_unit=&#8221;on&#8221; global_colors_info=&#8221;{}&#8221;][et_pb_column type=&#8221;1_2&#8243; _builder_version=&#8221;4.16&#8243; custom_padding=&#8221;|||&#8221; global_colors_info=&#8221;{}&#8221; custom_padding__hover=&#8221;|||&#8221;][et_pb_text module_class=&#8221;red-square-list-parent&#8221; _builder_version=&#8221;4.23.1&#8243; background_size=&#8221;initial&#8221; background_position=&#8221;top_left&#8221; background_repeat=&#8221;repeat&#8221; use_border_color=&#8221;off&#8221; global_colors_info=&#8221;{}&#8221;]<\/p>\n<h3>Informacje og\u00f3lne:<\/h3>\n<p><strong><span style=\"color: #dc291e;\">\/<\/span><\/strong> Piec atmosferowy do&nbsp;wy\u017carzania<br \/><strong><span style=\"color: #dc291e;\">\/ <\/span><\/strong>Producent SECO\/WARWICK<br \/><strong><span style=\"color: #dc291e;\">\/ <\/span><\/strong>Rok produkcji 2014<br \/><strong><span style=\"color: #dc291e;\">\/ <\/span><\/strong>Lokalizacja \u2013 Polska \u015brodkowa<br \/><strong><span style=\"color: #dc291e;\">\/ <\/span><\/strong>Piec dzia\u0142aj\u0105cy \u2013 mo\u017cliwo\u015b\u0107 testowania na&nbsp;miejscu<br \/><strong><span style=\"color: #dc291e;\">\/ <\/span><\/strong>Oferujemy ocen\u0119 techniczn\u0105, relokacj\u0119 oraz&nbsp;monta\u017c urz\u0105dzenia w&nbsp;miejscu docelowym na&nbsp;trenie E.U.<\/p>\n<p>[\/et_pb_text][\/et_pb_column][et_pb_column type=&#8221;1_2&#8243; _builder_version=&#8221;4.16&#8243; custom_padding=&#8221;|||&#8221; global_colors_info=&#8221;{}&#8221; custom_padding__hover=&#8221;|||&#8221;][et_pb_text module_class=&#8221;red-square-list-parent&#8221; _builder_version=&#8221;4.23.1&#8243; background_size=&#8221;initial&#8221; background_position=&#8221;top_left&#8221; background_repeat=&#8221;repeat&#8221; use_border_color=&#8221;off&#8221; global_colors_info=&#8221;{}&#8221;]<\/p>\n<h3>Przeznaczenie:<\/h3>\n<p>Agregat A\/SP-1200 jest przeznaczony do&nbsp;wy\u017carzania sferoidyzacyjnego odkuwek ze&nbsp;stali \u0142o\u017cyskowej \u0141H15 i&nbsp;\u0141H15SG. Procesy przeprowadza si\u0119 w&nbsp;atmosferze ochronnej. Ka\u017cde urz\u0105dzenie wchodz\u0105ce w&nbsp;sk\u0142ad linii jest po\u0142\u0105czone ze&nbsp;sob\u0105 elektryczne i&nbsp;sterowane automatycznie podczas wykonania kolejnego etapu obr\u00f3bki cieplnej i&nbsp;przenoszenia na&nbsp;urz\u0105dzeniach transportowych.<\/p>\n<p>[\/et_pb_text][\/et_pb_column][\/et_pb_row][\/et_pb_section][et_pb_section fb_built=&#8221;1&#8243; admin_label=&#8221;section&#8221; _builder_version=&#8221;4.19.2&#8243; background_color=&#8221;#f8f8f8&#8243; custom_margin=&#8221;-20px||||false|false&#8221; custom_padding=&#8221;0px||||false|false&#8221; transparent_background=&#8221;off&#8221; make_fullwidth=&#8221;off&#8221; use_custom_width=&#8221;off&#8221; width_unit=&#8221;on&#8221; global_colors_info=&#8221;{}&#8221;][et_pb_row column_structure=&#8221;1_2,1_2&#8243; admin_label=&#8221;row&#8221; _builder_version=&#8221;4.19.2&#8243; background_size=&#8221;initial&#8221; background_position=&#8221;top_left&#8221; background_repeat=&#8221;repeat&#8221; custom_margin=&#8221;-20px||||false|false&#8221; global_colors_info=&#8221;{}&#8221;][et_pb_column type=&#8221;1_2&#8243; _builder_version=&#8221;4.16&#8243; custom_padding=&#8221;|||&#8221; global_colors_info=&#8221;{}&#8221; custom_padding__hover=&#8221;|||&#8221;][et_pb_gallery gallery_ids=&#8221;160122,160129,160136,160143,160150,160157&#8243; posts_number=&#8221;1&#8243; show_title_and_caption=&#8221;off&#8221; show_pagination=&#8221;off&#8221; zoom_icon_color=&#8221;#e2001a&#8221; module_class=&#8221;seco-products-gallery-new2025&#8243; _builder_version=&#8221;4.23.1&#8243; custom_margin=&#8221;||||false|false&#8221; hover_enabled=&#8221;0&#8243; custom_css_free_form=&#8221;.et_overlay:before { content: 'GALERIA&#8217; !important; }&#8221; locked=&#8221;off&#8221; global_colors_info=&#8221;{}&#8221; sticky_enabled=&#8221;0&#8243;][\/et_pb_gallery][et_pb_image src=&#8221;https:\/\/www.secowarwick.com\/wp-content\/uploads\/2024\/06\/ASP1200-COVER.jpg&#8221; alt=&#8221;Agregat do sferoidyzacji pier\u015bcieni \u0142o\u017cyskowych typu A\/SP-1200&#8243; title_text=&#8221;ITRmini&#8221; align_tablet=&#8221;center&#8221; align_phone=&#8221;&#8221; align_last_edited=&#8221;on|desktop&#8221; _builder_version=&#8221;4.23.1&#8243; global_colors_info=&#8221;{}&#8221;][\/et_pb_image][\/et_pb_column][et_pb_column type=&#8221;1_2&#8243; _builder_version=&#8221;4.16&#8243; custom_padding=&#8221;|||&#8221; global_colors_info=&#8221;{}&#8221; custom_padding__hover=&#8221;|||&#8221;][et_pb_text admin_label=&#8221;apostrof&#8221; module_class=&#8221;przecinek-tlo-nizej&#8221; _builder_version=&#8221;4.19.2&#8243; custom_margin=&#8221;||||false|false&#8221; custom_margin_tablet=&#8221;&#8221; custom_margin_phone=&#8221;&#8221; custom_margin_last_edited=&#8221;on|desktop&#8221; saved_tabs=&#8221;all&#8221; global_colors_info=&#8221;{}&#8221;]<\/p>\n<h2>Dane techniczne<\/h2>\n<p>[\/et_pb_text][et_pb_text _builder_version=&#8221;4.23.1&#8243; _module_preset=&#8221;default&#8221; global_colors_info=&#8221;{}&#8221;]<\/p>\n<table style=\"width: 100%;\" width=\"100%\">\n<tbody>\n<tr>\n<td style=\"width: 70.9786%;\">Wydajno\u015b\u0107 nominalna agregatu:<\/td>\n<td style=\"width: 28.1215%;\">1.200 kg\/h przy za\u0142adunku 615 kg wsadu netto na&nbsp;jeden kosz, takt 30min 45sek.<\/td>\n<\/tr>\n<tr>\n<td style=\"width: 70.9786%;\">\n<p>Zakres stosowanych pier\u015bcieni:<\/p>\n<p>&#8211; przy za\u0142adunku automatycznym<\/p>\n<p>&#8211; przy r\u0119cznym za\u0142adunku<\/p>\n<\/td>\n<td style=\"width: 28.1215%;\" width=\"246\">\n<p>&#8211; \u015brednica zewn\u0119trzna od&nbsp;30 mm do&nbsp;130 mm;<\/p>\n<p>&#8211; \u015brednica zewn\u0119trzna powy\u017cej 130 mm<\/p>\n<\/td>\n<\/tr>\n<tr>\n<td style=\"width: 70.9786%;\">Wymiary gabarytowe kosza: szer. x&nbsp;d\u0142. x&nbsp;wys.<\/td>\n<td style=\"width: 28.1215%;\">1230 x&nbsp;1230 x&nbsp;300 mm<\/td>\n<\/tr>\n<tr>\n<td style=\"width: 70.9786%;\">Napi\u0119cie zasilania<\/td>\n<td style=\"width: 28.1215%;\">3&#215;400\/230V; 50 Hz<\/td>\n<\/tr>\n<tr>\n<td style=\"width: 70.9786%;\">Napi\u0119cie sterowania<\/td>\n<td style=\"width: 28.1215%;\">230V; 50 Hz<\/td>\n<\/tr>\n<tr>\n<td style=\"width: 70.9786%;\">Temperatura pracy max. (strefy 1 i&nbsp;2)<\/td>\n<td style=\"width: 28.1215%;\">825\u00b0\u0421<\/td>\n<\/tr>\n<tr>\n<td style=\"width: 70.9786%;\">\n<p style=\"text-align: left;\">Moc element\u00f3w grzejnych:<\/p>\n<\/td>\n<td style=\"width: 28.1215%;\">\u00a0<\/td>\n<\/tr>\n<tr>\n<td style=\"width: 70.9786%;\">\n<p style=\"text-align: right;\">&#8211; strefa 1<br \/>&#8211; strefa 2<br \/>&#8211; strefa 3<br \/>&#8211; strefa 4<br \/>&#8211; strefa 5<br \/>&#8211; strefa 6<br \/>&#8211; strefa 7<br \/>&#8211; strefa 8<br \/>&#8211; strefa 9<\/p>\n<p style=\"text-align: right;\">\u0141\u0105cznie moc element\u00f3w grzejnych:<\/p>\n<\/td>\n<td style=\"width: 28.1215%;\">\n<p>314 kW<br \/>141 kW<br \/>60 kW<br \/>60 kW<br \/>60 kW<br \/>60 kW<br \/>60 kW<br \/>60 kW<br \/>560 kW<\/p>\n<p>874 kW<\/p>\n<\/td>\n<\/tr>\n<tr>\n<td style=\"width: 70.9786%;\">\u0141\u0105czna moc zainstalowana<\/td>\n<td style=\"width: 28.1215%;\">\u00a01065 kW<\/td>\n<\/tr>\n<tr>\n<td style=\"width: 70.9786%;\">Zapotrzebowanie gazu ziemnego (atmosfera ochronna) [p=20-100mbar]<\/td>\n<td style=\"width: 28.1215%;\">~4\u00a0 Nm<sup>3<\/sup>\/h<\/td>\n<\/tr>\n<tr>\n<td style=\"width: 70.9786%;\">\n<p>Zapotrzebowanie azotu<\/p>\n<p>atmosfera ochronna [p=20-100 mbar]<\/p>\n<p>azot awaryjny (p\u0142ukanie) [p=20-100 mbar]<\/p>\n<\/td>\n<td style=\"width: 28.1215%;\" width=\"246\">\n<p>&nbsp;<\/p>\n<p>~90\u00a0 Nm<sup>3<\/sup>\/h<\/p>\n<p>zapas minimalny 450 Nm<sup>3<\/sup><\/p>\n<\/td>\n<\/tr>\n<tr>\n<td style=\"width: 70.9786%;\">Zapotrzebowanie gazu ziemnego [p=50-80mbar ]<\/td>\n<td style=\"width: 28.1215%;\">~2,3 Nm<sup>3<\/sup>\/h<\/td>\n<\/tr>\n<tr>\n<td style=\"width: 70.9786%;\">Zapotrzebowanie wody [p=0,3-0,5MPa]<\/td>\n<td style=\"width: 28.1215%;\">~55 m<sup>3<\/sup>\/h<\/td>\n<\/tr>\n<tr>\n<td style=\"width: 70.9786%;\">\n<p>Zapotrzebowanie spr\u0119\u017conego powietrza<\/p>\n<p>[p=0,5-0,8 MPa]<\/p>\n<\/td>\n<td style=\"width: 28.1215%;\">~13 m<sup>3<\/sup>\/ h<\/td>\n<\/tr>\n<tr>\n<td style=\"width: 70.9786%;\">Odci\u0105gi<\/td>\n<td style=\"width: 28.1215%;\">~2200 m<sup>3<\/sup>\/h, Tmax\u00a0 = 120\u2070<\/td>\n<\/tr>\n<\/tbody>\n<\/table>\n<p>[\/et_pb_text][\/et_pb_column][\/et_pb_row][\/et_pb_section]<\/p>\n","protected":false},"excerpt":{"rendered":"<p>Informacje og\u00f3lne: \/ Piec atmosferowy do&nbsp;wy\u017carzania\/ Producent SECO\/WARWICK\/ Rok produkcji 2014\/ Lokalizacja \u2013 Polska \u015brodkowa\/ Piec dzia\u0142aj\u0105cy \u2013 mo\u017cliwo\u015b\u0107 testowania na&nbsp;miejscu\/ Oferujemy ocen\u0119 techniczn\u0105, relokacj\u0119 oraz&nbsp;monta\u017c urz\u0105dzenia w&nbsp;miejscu docelowym na&nbsp;trenie E.U.Przeznaczenie: Agregat A\/SP-1200 jest przeznaczony do&nbsp;wy\u017carzania sferoidyzacyjnego odkuwek ze&nbsp;stali \u0142o\u017cyskowej \u0141H15 i&nbsp;\u0141H15SG. Procesy przeprowadza si\u0119 w&nbsp;atmosferze ochronnej. Ka\u017cde urz\u0105dzenie wchodz\u0105ce w&nbsp;sk\u0142ad linii jest po\u0142\u0105czone ze&nbsp;sob\u0105 [&hellip;]<\/p>\n","protected":false},"author":2,"featured_media":0,"parent":138631,"menu_order":0,"comment_status":"closed","ping_status":"closed","template":"","meta":{"_acf_changed":false,"_et_pb_use_builder":"on","_et_pb_old_content":"","_et_gb_content_width":"","footnotes":""},"class_list":["post-160107","page","type-page","status-publish"],"acf":[],"_links":{"self":[{"href":"https:\/\/www.secowarwick.com\/pl\/wp-json\/wp\/v2\/pages\/160107","targetHints":{"allow":["GET"]}}],"collection":[{"href":"https:\/\/www.secowarwick.com\/pl\/wp-json\/wp\/v2\/pages"}],"about":[{"href":"https:\/\/www.secowarwick.com\/pl\/wp-json\/wp\/v2\/types\/page"}],"author":[{"embeddable":true,"href":"https:\/\/www.secowarwick.com\/pl\/wp-json\/wp\/v2\/users\/2"}],"replies":[{"embeddable":true,"href":"https:\/\/www.secowarwick.com\/pl\/wp-json\/wp\/v2\/comments?post=160107"}],"version-history":[{"count":8,"href":"https:\/\/www.secowarwick.com\/pl\/wp-json\/wp\/v2\/pages\/160107\/revisions"}],"predecessor-version":[{"id":176550,"href":"https:\/\/www.secowarwick.com\/pl\/wp-json\/wp\/v2\/pages\/160107\/revisions\/176550"}],"up":[{"embeddable":true,"href":"https:\/\/www.secowarwick.com\/pl\/wp-json\/wp\/v2\/pages\/138631"}],"wp:attachment":[{"href":"https:\/\/www.secowarwick.com\/pl\/wp-json\/wp\/v2\/media?parent=160107"}],"curies":[{"name":"wp","href":"https:\/\/api.w.org\/{rel}","templated":true}]}}